{"id":50,"date":"2017-05-09T14:30:26","date_gmt":"2017-05-09T12:30:26","guid":{"rendered":"http:\/\/blog.karlroeser.com\/?page_id=50"},"modified":"2017-05-09T19:44:55","modified_gmt":"2017-05-09T17:44:55","slug":"japan-kultur-und-aesthetik","status":"publish","type":"page","link":"https:\/\/blog.karlroeser.com\/?page_id=50","title":{"rendered":"Japan &#8211; Kultur und Aesthetik"},"content":{"rendered":"<p><strong>Fotoausstellung bei Wilhelm Kern GmbH, Kernen<\/strong><\/p>\n<p>11.05.2017 &#8211;<\/p>\n<p>Hybridautos, Flachbildschirme und Manga-Comics \u2013 Japanische Kultur und Technologie begegnen uns in Europa auf Schritt und Tritt. Die Produkte dieses Landes und sein Einfluss auf Kultur und Wirtschaft in Deutschland sind nicht mehr wegzudenken. Ebenso haben deutsche Gebr\u00e4uche in Japan Einzug gehalten. Baumkuchen gibt es in Japan an 365 Tagen im Jahr rund um die Uhr zu kaufen, und Beethovens 9. Symphonie (\u201eFreude, sch\u00f6ner G\u00f6tterfunken\u201c) ist so etwas wie Japans heimliche Nationalhymne, wenigstens in der Zeit um den Jahreswechsel.<\/p>\n<p>Trotz der gegenseitigen Ann\u00e4herung der beiden Welten und einer zunehmenden Verwestlichung des Stra\u00dfenbildes in den Metropolen Japans \u00fcberrascht das Land deutsche Betrachter mit vielen erstaunlich traditionellen Ansichten. Die Ausstellung \u201eJapan \u2013 Kultur und Aesthetik\u201c b\u00fcndelt die individuellen Sichten zweier Fotografen auf dieses Spannungsfeld.<\/p>\n<p>Die Ausstellung<\/p>\n<p><a href=\"http:\/\/blog.karlroeser.com\/?page_id=61\">G\u00fcnter Zorn<\/a><\/p>\n<p><a href=\"http:\/\/blog.karlroeser.com\/?page_id=67\">Karl R\u00f6ser<\/a><\/p>\n<p><a href=\"http:\/\/www.kern-weine.de\/\">Wilhelm Kern GmbH<\/a><\/p>\n<p>&nbsp;<\/p>\n","protected":false},"excerpt":{"rendered":"<p>Fotoausstellung bei Wilhelm Kern GmbH, Kernen 11.05.2017 &#8211; Hybridautos, Flachbildschirme und Manga-Comics \u2013 Japanische Kultur und Technologie begegnen uns in Europa auf Schritt und Tritt. Die Produkte dieses Landes und sein Einfluss auf Kultur und Wirtschaft in Deutschland sind nicht &hellip; <a href=\"https:\/\/blog.karlroeser.com\/?page_id=50\">Weiterlesen <span class=\"meta-nav\">&rarr;<\/span><\/a><\/p>\n","protected":false},"author":1,"featured_media":0,"parent":0,"menu_order":0,"comment_status":"closed","ping_status":"closed","template":"","meta":{"ngg_post_thumbnail":0,"footnotes":""},"class_list":["post-50","page","type-page","status-publish","hentry"],"_links":{"self":[{"href":"https:\/\/blog.karlroeser.com\/index.php?rest_route=\/wp\/v2\/pages\/50","targetHints":{"allow":["GET"]}}],"collection":[{"href":"https:\/\/blog.karlroeser.com\/index.php?rest_route=\/wp\/v2\/pages"}],"about":[{"href":"https:\/\/blog.karlroeser.com\/index.php?rest_route=\/wp\/v2\/types\/page"}],"author":[{"embeddable":true,"href":"https:\/\/blog.karlroeser.com\/index.php?rest_route=\/wp\/v2\/users\/1"}],"replies":[{"embeddable":true,"href":"https:\/\/blog.karlroeser.com\/index.php?rest_route=%2Fwp%2Fv2%2Fcomments&post=50"}],"version-history":[{"count":3,"href":"https:\/\/blog.karlroeser.com\/index.php?rest_route=\/wp\/v2\/pages\/50\/revisions"}],"predecessor-version":[{"id":78,"href":"https:\/\/blog.karlroeser.com\/index.php?rest_route=\/wp\/v2\/pages\/50\/revisions\/78"}],"wp:attachment":[{"href":"https:\/\/blog.karlroeser.com\/index.php?rest_route=%2Fwp%2Fv2%2Fmedia&parent=50"}],"curies":[{"name":"wp","href":"https:\/\/api.w.org\/{rel}","templated":true}]}}